{"id":4319,"date":"2011-10-05T19:22:14","date_gmt":"2011-10-05T22:22:14","guid":{"rendered":"http:\/\/ajupe.com.uy\/web\/?post_type=product&#038;p=4319"},"modified":"2011-10-05T19:22:14","modified_gmt":"2011-10-05T22:22:14","slug":"la-balsa-de-piedra","status":"publish","type":"product","link":"https:\/\/ajupe.com.uy\/web\/biblioteca\/la-balsa-de-piedra\/","title":{"rendered":"La Balsa de Piedra"},"content":{"rendered":"<p>Una grieta abierta espont\u00e1neamente a lo largo de los Pirineos provoca la  separaci\u00f3n f\u00edsica de la pen\u00ednsula ib\u00e9rica, que se aleja de Europa  flotando en el Atl\u00e1ntico. La balsa de piedra es, en palabras del propio  autor \u00abuna novela profundamente ib\u00e9rica\u00bb, relativa a \u00abPortugal y al  conjunto de los pueblos espa\u00f1oles, que siento que comparten una cultura  com\u00fan, una cultura que no es rigurosamente europea: es otro mundo, un  mundo con un car\u00e1cter tan fuerte, tan propio, que los pueblos de la  Pen\u00ednsula deber\u00edan hacer un gran esfuerzo de entendimiento mutuo para  resistir a las presiones de la cultura europea, que no es sino la  cultura de los tres pa\u00edses dominantes, Francia, Alemania e  Inglaterra\u00bb.La maestr\u00eda expresiva de Jos\u00e9 Saramago sirve, pues, aqu\u00ed a  un audaz planteamiento narrativo que, en la mejor tradici\u00f3n de Swift o  de H. G. Wells, apunta al centro mismo de una verdadera \u00abcuesti\u00f3n  palpitante\u00bb: las relaciones de los pueblos ib\u00e9ricos consigo mismos y con  Europa.<\/p>\n","protected":false},"excerpt":{"rendered":"<p>Una grieta abierta espont\u00e1neamente a lo largo de los Pirineos provoca la separaci\u00f3n f\u00edsica de la pen\u00ednsula ib\u00e9rica, que se aleja de Europa flotando en el Atl\u00e1ntico. La balsa de piedra es, en palabras del propio autor \u00abuna novela profundamente ib\u00e9rica\u00bb, relativa a \u00abPortugal y al conjunto de los pueblos espa\u00f1oles, que siento que comparten [&hellip;]<\/p>\n","protected":false},"featured_media":4320,"template":"","meta":[],"product_brand":[189],"product_cat":[29],"product_tag":[],"class_list":["post-4319","product","type-product","status-publish","has-post-thumbnail","product_brand-jose-saramago","product_cat-novela","first","instock","purchasable","product-type-simple"],"featured_image_urls_v2":{"full":["https:\/\/ajupe.com.uy\/web\/wp-content\/uploads\/2016\/04\/p-4319-La_Balsa_de_Pied_4e8cae664532b.jpg",270,270,false],"thumbnail":["https:\/\/ajupe.com.uy\/web\/wp-content\/uploads\/2016\/04\/p-4319-La_Balsa_de_Pied_4e8cae664532b.jpg",150,150,true],"medium":["https:\/\/ajupe.com.uy\/web\/wp-content\/uploads\/2016\/04\/p-4319-La_Balsa_de_Pied_4e8cae664532b.jpg",300,214,true],"medium_large":["https:\/\/ajupe.com.uy\/web\/wp-content\/uploads\/2016\/04\/p-4319-La_Balsa_de_Pied_4e8cae664532b.jpg",270,270,false],"large":["https:\/\/ajupe.com.uy\/web\/wp-content\/uploads\/2016\/04\/p-4319-La_Balsa_de_Pied_4e8cae664532b.jpg",270,270,false],"1536x1536":["https:\/\/ajupe.com.uy\/web\/wp-content\/uploads\/2016\/04\/p-4319-La_Balsa_de_Pied_4e8cae664532b.jpg",270,270,false],"2048x2048":["https:\/\/ajupe.com.uy\/web\/wp-content\/uploads\/2016\/04\/p-4319-La_Balsa_de_Pied_4e8cae664532b.jpg",270,270,false],"woocommerce_archive_thumbnail":["https:\/\/ajupe.com.uy\/web\/wp-content\/uploads\/2016\/04\/p-4319-La_Balsa_de_Pied_4e8cae664532b.jpg",270,270,false],"woocommerce_thumbnail":["https:\/\/ajupe.com.uy\/web\/wp-content\/uploads\/2016\/04\/p-4319-La_Balsa_de_Pied_4e8cae664532b.jpg",270,270,false],"woocommerce_single":["https:\/\/ajupe.com.uy\/web\/wp-content\/uploads\/2016\/04\/p-4319-La_Balsa_de_Pied_4e8cae664532b.jpg",270,270,false],"woocommerce_gallery_thumbnail":["https:\/\/ajupe.com.uy\/web\/wp-content\/uploads\/2016\/04\/p-4319-La_Balsa_de_Pied_4e8cae664532b-100x100.jpg",100,100,true]},"post_excerpt_stackable_v2":"<p>Una grieta abierta espont\u00e1neamente a lo largo de los Pirineos provoca la separaci\u00f3n f\u00edsica de la pen\u00ednsula ib\u00e9rica, que se aleja de Europa flotando en el Atl\u00e1ntico. La balsa de piedra es, en palabras del propio autor \u00abuna novela profundamente ib\u00e9rica\u00bb, relativa a \u00abPortugal y al conjunto de los pueblos espa\u00f1oles, que siento que comparten una cultura com\u00fan, una cultura que no es rigurosamente europea: es otro mundo, un mundo con un car\u00e1cter tan fuerte, tan propio, que los pueblos de la Pen\u00ednsula deber\u00edan hacer un gran esfuerzo de entendimiento mutuo para resistir a las presiones de la cultura europea,&hellip;<\/p>\n","category_list_v2":"","author_info_v2":{"name":"","url":""},"comments_num_v2":"0 comentarios","_links":{"self":[{"href":"https:\/\/ajupe.com.uy\/web\/wp-json\/wp\/v2\/product\/4319","targetHints":{"allow":["GET"]}}],"collection":[{"href":"https:\/\/ajupe.com.uy\/web\/wp-json\/wp\/v2\/product"}],"about":[{"href":"https:\/\/ajupe.com.uy\/web\/wp-json\/wp\/v2\/types\/product"}],"wp:featuredmedia":[{"embeddable":true,"href":"https:\/\/ajupe.com.uy\/web\/wp-json\/wp\/v2\/media\/4320"}],"wp:attachment":[{"href":"https:\/\/ajupe.com.uy\/web\/wp-json\/wp\/v2\/media?parent=4319"}],"wp:term":[{"taxonomy":"product_brand","embeddable":true,"href":"https:\/\/ajupe.com.uy\/web\/wp-json\/wp\/v2\/product_brand?post=4319"},{"taxonomy":"product_cat","embeddable":true,"href":"https:\/\/ajupe.com.uy\/web\/wp-json\/wp\/v2\/product_cat?post=4319"},{"taxonomy":"product_tag","embeddable":true,"href":"https:\/\/ajupe.com.uy\/web\/wp-json\/wp\/v2\/product_tag?post=4319"}],"curies":[{"name":"wp","href":"https:\/\/api.w.org\/{rel}","templated":true}]}}