{"id":5207,"date":"2011-10-25T18:42:46","date_gmt":"2011-10-25T21:42:46","guid":{"rendered":"http:\/\/ajupe.com.uy\/web\/?post_type=product&#038;p=5207"},"modified":"2011-10-26T16:04:17","modified_gmt":"2011-10-26T19:04:17","slug":"orientales-volumen-iv","status":"publish","type":"product","link":"https:\/\/ajupe.com.uy\/web\/biblioteca\/orientales-volumen-iv\/","title":{"rendered":"Orientales. Volumen IV"},"content":{"rendered":"<p>Si tan s\u00f3lo diez a\u00f1os antes se le hubiera dicho a cualquier oriental que a partir de 1973 el pa\u00eds vivir\u00eda una feroz dictadura en la que todos y cada uno de los derechos b\u00e1sicos de la persona ser\u00edan groseramente violados y que traer\u00eda consigo una lamentable secuela de ilegalizaciones, proscriptos, torturas, desaparecidos y muertos, seguramente hubiera sonre\u00eddo con incredulidad; en Uruguay esas cosas no pasaban. Y sin embargo, vaya si pasaron, tanto como para dejar agravios y cuentas pendientes que, a un cuarto de siglo de distancia, a\u00fan no se han saldado. La sociedad uruguaya no ha sido, y tal vez no podr\u00e1 nunca volver a ser la misma, despu\u00e9s de haber pasado por aquel dantesco desfiladero de horrores. Los m\u00e1s j\u00f3venes, los que han tenido la fortuna de venir al mundo cuando el ciclo dictatorial estaba terminado, sienten una intensa y natural curiosidad por saber qu\u00e9 sucedi\u00f3 para que todo eso fuera posible, y qu\u00e9 responsabilidad le cupo a cada uno en la cat\u00e1strofe.<\/p>\n<p>En este texto se aborda con detalle el cotidiano devenir de esos tiempos de silencio, terror y miseria, pero tambi\u00e9n de hero\u00edsmos y esperanzas, tratando que\u00a0 la pasi\u00f3n no termine por afectar la necesaria equidistancia. Porque tal vez lo m\u00e1s terrible de este per\u00edodo, sin duda el m\u00e1s sombr\u00edo de la historia nacional, resida en que m\u00e1s all\u00e1 de oportunistas, prevaricadores y s\u00e1dicos, que nunca faltan, no es posible trazar una l\u00ednea divisoria tajante entre buenos y malos, \u00e1ngeles y demonios, v\u00edctimas y victimarios. Todos, militares y civiles, personeros del r\u00e9gimen y opositores, y en particular esa \u201cmayor\u00eda silenciosa\u201d que constituye la esencia de todo pueblo, fueron, en diverso grado, v\u00edctimas en una suerte de enajenaci\u00f3n colectiva que transform\u00f3 la faz otrora pl\u00e1cida y autosatisfecha del pa\u00eds en una m\u00e1scara de doliente rictus. A lo largo de \u00e9stas p\u00e1ginas, que esperamos sirvan para enmendar los mitos y leyendas que, a veces involuntariamente y otras con clara intencionalidad pol\u00edtica, se han hecho correr sobre aquellos a\u00f1os, se trata de hacer correr una vieja m\u00e1xima que dice que las v\u00edctimas merecen compasi\u00f3n, pero que son los victimarios los que necesitan que se les comprenda. No para emitir un juicio moral, que en definitiva es y ser\u00e1 siempre personal\u00edsimo, sino para asegurarse, hasta donde sea posible, que la pesadilla ha terminado y no podr\u00e1 regresar jam\u00e1s.<\/p>\n","protected":false},"excerpt":{"rendered":"<p>Si tan s\u00f3lo diez a\u00f1os antes se le hubiera dicho a cualquier oriental que a partir de 1973 el pa\u00eds vivir\u00eda una feroz dictadura en la que todos y cada uno de los derechos b\u00e1sicos de la persona ser\u00edan groseramente violados y que traer\u00eda consigo una lamentable secuela de ilegalizaciones, proscriptos, torturas, desaparecidos y muertos, [&hellip;]<\/p>\n","protected":false},"featured_media":5208,"template":"","meta":[],"product_brand":[489],"product_cat":[31,45],"product_tag":[],"class_list":{"0":"post-5207","1":"product","2":"type-product","3":"status-publish","4":"has-post-thumbnail","6":"product_brand-lincoln-r-maiztegui-casas","7":"product_cat-historico","8":"product_cat-uruguayo","10":"first","11":"instock","12":"purchasable","13":"product-type-simple"},"featured_image_urls_v2":{"full":["https:\/\/ajupe.com.uy\/web\/wp-content\/uploads\/2016\/04\/p-5207-Orientales._Volu_4ea70326e82bd-scaled.jpg",1726,2560,false],"thumbnail":["https:\/\/ajupe.com.uy\/web\/wp-content\/uploads\/2016\/04\/p-5207-Orientales._Volu_4ea70326e82bd.jpg",150,150,true],"medium":["https:\/\/ajupe.com.uy\/web\/wp-content\/uploads\/2016\/04\/p-5207-Orientales._Volu_4ea70326e82bd.jpg",300,214,true],"medium_large":["https:\/\/ajupe.com.uy\/web\/wp-content\/uploads\/2016\/04\/p-5207-Orientales._Volu_4ea70326e82bd-scaled.jpg",768,1139,false],"large":["https:\/\/ajupe.com.uy\/web\/wp-content\/uploads\/2016\/04\/p-5207-Orientales._Volu_4ea70326e82bd-scaled.jpg",690,1024,false],"1536x1536":["https:\/\/ajupe.com.uy\/web\/wp-content\/uploads\/2016\/04\/p-5207-Orientales._Volu_4ea70326e82bd-scaled.jpg",1036,1536,false],"2048x2048":["https:\/\/ajupe.com.uy\/web\/wp-content\/uploads\/2016\/04\/p-5207-Orientales._Volu_4ea70326e82bd-scaled.jpg",1381,2048,false],"woocommerce_archive_thumbnail":["https:\/\/ajupe.com.uy\/web\/wp-content\/uploads\/2016\/04\/p-5207-Orientales._Volu_4ea70326e82bd-scaled-300x450.jpg",300,450,true],"woocommerce_thumbnail":["https:\/\/ajupe.com.uy\/web\/wp-content\/uploads\/2016\/04\/p-5207-Orientales._Volu_4ea70326e82bd-scaled-300x300.jpg",300,300,true],"woocommerce_single":["https:\/\/ajupe.com.uy\/web\/wp-content\/uploads\/2016\/04\/p-5207-Orientales._Volu_4ea70326e82bd-scaled-300x445.jpg",300,445,true],"woocommerce_gallery_thumbnail":["https:\/\/ajupe.com.uy\/web\/wp-content\/uploads\/2016\/04\/p-5207-Orientales._Volu_4ea70326e82bd-scaled-100x100.jpg",100,100,true]},"post_excerpt_stackable_v2":"<p>Si tan s\u00f3lo diez a\u00f1os antes se le hubiera dicho a cualquier oriental que a partir de 1973 el pa\u00eds vivir\u00eda una feroz dictadura en la que todos y cada uno de los derechos b\u00e1sicos de la persona ser\u00edan groseramente violados y que traer\u00eda consigo una lamentable secuela de ilegalizaciones, proscriptos, torturas, desaparecidos y muertos, seguramente hubiera sonre\u00eddo con incredulidad; en Uruguay esas cosas no pasaban. Y sin embargo, vaya si pasaron, tanto como para dejar agravios y cuentas pendientes que, a un cuarto de siglo de distancia, a\u00fan no se han saldado. La sociedad uruguaya no ha sido, y&hellip;<\/p>\n","category_list_v2":"","author_info_v2":{"name":"","url":""},"comments_num_v2":"0 comentarios","_links":{"self":[{"href":"https:\/\/ajupe.com.uy\/web\/wp-json\/wp\/v2\/product\/5207","targetHints":{"allow":["GET"]}}],"collection":[{"href":"https:\/\/ajupe.com.uy\/web\/wp-json\/wp\/v2\/product"}],"about":[{"href":"https:\/\/ajupe.com.uy\/web\/wp-json\/wp\/v2\/types\/product"}],"wp:featuredmedia":[{"embeddable":true,"href":"https:\/\/ajupe.com.uy\/web\/wp-json\/wp\/v2\/media\/5208"}],"wp:attachment":[{"href":"https:\/\/ajupe.com.uy\/web\/wp-json\/wp\/v2\/media?parent=5207"}],"wp:term":[{"taxonomy":"product_brand","embeddable":true,"href":"https:\/\/ajupe.com.uy\/web\/wp-json\/wp\/v2\/product_brand?post=5207"},{"taxonomy":"product_cat","embeddable":true,"href":"https:\/\/ajupe.com.uy\/web\/wp-json\/wp\/v2\/product_cat?post=5207"},{"taxonomy":"product_tag","embeddable":true,"href":"https:\/\/ajupe.com.uy\/web\/wp-json\/wp\/v2\/product_tag?post=5207"}],"curies":[{"name":"wp","href":"https:\/\/api.w.org\/{rel}","templated":true}]}}