{"id":7329,"date":"2015-06-12T16:39:27","date_gmt":"2015-06-12T19:39:27","guid":{"rendered":"http:\/\/ajupe.com.uy\/web\/?post_type=product&#038;p=7329"},"modified":"2015-06-12T16:41:18","modified_gmt":"2015-06-12T19:41:18","slug":"desde-la-cordillera-del-alma","status":"publish","type":"product","link":"https:\/\/ajupe.com.uy\/web\/biblioteca\/desde-la-cordillera-del-alma\/","title":{"rendered":"Desde la cordillera del alma"},"content":{"rendered":"<p>\u00abEn la Cordillera yo di lo que pod\u00eda dar. Lo que vino despu\u00e9s es otra historia&#8230; El accidente en los Andes, y s\u00e9 que muchos no entender\u00e1n esto, me permiti\u00f3 ser yo mismo, ser valorado y responder a esa valoraci\u00f3n de cada d\u00eda. El hijo de Carlos P\u00e1ez Vilar\u00f3 y Madel\u00f3n Rodr\u00edguez G\u00f3mez se encontr\u00f3 mejor en medio de aquel infierno que en su propia casa: la separaci\u00f3n de mis padres me hab\u00eda quebrado por dentro, cuando ten\u00eda catorce a\u00f1o. La vida en la Cordillera ten\u00eda que ver con mi existencia f\u00edsica, con sobrevivir cada d\u00eda, y all\u00ed viv\u00ed el milagro de sentir que hab\u00eda desaparecido de golpe el motivo de buena parte de mi desgarradura exitencial. Hab\u00eda desaparecido mi casa, mi familia. Todo eso estaba en otro lado de la realidad y no martillaba mi cabeza cada d\u00eda. All\u00ed arriba ten\u00eda un lugar positivo, era uno m\u00e1s&#8230; En la cordillera hab\u00eda descubierto que hab\u00eda vida fuera de casa y volver a la situaci\u00f3n anterior al accidente fue muy frustrante para m\u00ed. Volver atr\u00e1s era volver a un lugar tremendamente l\u00fagubre, y eso me cost\u00f3 entenderlo&#8230;\u00bb<br \/>\nCarlitos P\u00e1ez es uno de los sobrevivientes de la tragedia de los Andes y un sobreviviente de otras varias tragedias y adversidades a las que su esp\u00edritu convulsionado, pero inquieto y batallador, ha sabido sobreponerse. Desde la cordillera del alma es una gran confesi\u00f3n a m\u00e1s de cuatro d\u00e9cadas del accidente. Aqu\u00ed repasa su vida con la mirada del hombre maduro que encontr\u00f3 una respuesta transformadora a m\u00faltiples trances: el accidente en los Andes, la adicci\u00f3n a las drogas, los fracasos econ\u00f3micos, los conflictos afectivos y la permanente contradicci\u00f3n entre la admiraci\u00f3n y el rechazo que siempre le gener\u00f3 la potente imagen de su padre, el pintor Carlos P\u00e1ez Vilar\u00f3. Este libro es una muestra de esa vida superada con optimismo y un testimonio del modo en que se ha ido reconstruyendo como hombre. La franqueza con que habla del pasado y la sencillez que encontr\u00f3 para enfrentarse a las dificultades son una posible fuente de inspiraci\u00f3n para quienes atraviesan circunstancias parecidas. Y seguramente una de las razones por las que miles de personas se sienten cautivadas por su experiencia en las innumerables  conferencias que realiza por todo el mundo.<\/p>\n","protected":false},"excerpt":{"rendered":"<p>\u00abEn la Cordillera yo di lo que pod\u00eda dar. Lo que vino despu\u00e9s es otra historia&#8230; El accidente en los Andes, y s\u00e9 que muchos no entender\u00e1n esto, me permiti\u00f3 ser yo mismo, ser valorado y responder a esa valoraci\u00f3n de cada d\u00eda. El hijo de Carlos P\u00e1ez Vilar\u00f3 y Madel\u00f3n Rodr\u00edguez G\u00f3mez se encontr\u00f3 [&hellip;]<\/p>\n","protected":false},"featured_media":7330,"template":"","meta":[],"product_brand":[386],"product_cat":[44,31],"product_tag":[],"class_list":{"0":"post-7329","1":"product","2":"type-product","3":"status-publish","4":"has-post-thumbnail","6":"product_brand-carlitos-paez","7":"product_cat-biografico","8":"product_cat-historico","10":"first","11":"instock","12":"purchasable","13":"product-type-simple"},"featured_image_urls_v2":{"full":["https:\/\/ajupe.com.uy\/web\/wp-content\/uploads\/2016\/04\/p-7329-Desde_la_cordill_557b0bae70ed1.jpg",221,338,false],"thumbnail":["https:\/\/ajupe.com.uy\/web\/wp-content\/uploads\/2016\/04\/p-7329-Desde_la_cordill_557b0bae70ed1.jpg",150,150,true],"medium":["https:\/\/ajupe.com.uy\/web\/wp-content\/uploads\/2016\/04\/p-7329-Desde_la_cordill_557b0bae70ed1.jpg",300,214,true],"medium_large":["https:\/\/ajupe.com.uy\/web\/wp-content\/uploads\/2016\/04\/p-7329-Desde_la_cordill_557b0bae70ed1.jpg",221,338,false],"large":["https:\/\/ajupe.com.uy\/web\/wp-content\/uploads\/2016\/04\/p-7329-Desde_la_cordill_557b0bae70ed1.jpg",221,338,false],"1536x1536":["https:\/\/ajupe.com.uy\/web\/wp-content\/uploads\/2016\/04\/p-7329-Desde_la_cordill_557b0bae70ed1.jpg",221,338,false],"2048x2048":["https:\/\/ajupe.com.uy\/web\/wp-content\/uploads\/2016\/04\/p-7329-Desde_la_cordill_557b0bae70ed1.jpg",221,338,false],"woocommerce_archive_thumbnail":["https:\/\/ajupe.com.uy\/web\/wp-content\/uploads\/2016\/04\/p-7329-Desde_la_cordill_557b0bae70ed1-221x300.jpg",221,300,true],"woocommerce_thumbnail":["https:\/\/ajupe.com.uy\/web\/wp-content\/uploads\/2016\/04\/p-7329-Desde_la_cordill_557b0bae70ed1-221x300.jpg",221,300,true],"woocommerce_single":["https:\/\/ajupe.com.uy\/web\/wp-content\/uploads\/2016\/04\/p-7329-Desde_la_cordill_557b0bae70ed1.jpg",221,338,false],"woocommerce_gallery_thumbnail":["https:\/\/ajupe.com.uy\/web\/wp-content\/uploads\/2016\/04\/p-7329-Desde_la_cordill_557b0bae70ed1-100x100.jpg",100,100,true]},"post_excerpt_stackable_v2":"<p>\u00abEn la Cordillera yo di lo que pod\u00eda dar. Lo que vino despu\u00e9s es otra historia&#8230; El accidente en los Andes, y s\u00e9 que muchos no entender\u00e1n esto, me permiti\u00f3 ser yo mismo, ser valorado y responder a esa valoraci\u00f3n de cada d\u00eda. El hijo de Carlos P\u00e1ez Vilar\u00f3 y Madel\u00f3n Rodr\u00edguez G\u00f3mez se encontr\u00f3 mejor en medio de aquel infierno que en su propia casa: la separaci\u00f3n de mis padres me hab\u00eda quebrado por dentro, cuando ten\u00eda catorce a\u00f1o. La vida en la Cordillera ten\u00eda que ver con mi existencia f\u00edsica, con sobrevivir cada d\u00eda, y all\u00ed viv\u00ed el&hellip;<\/p>\n","category_list_v2":"","author_info_v2":{"name":"","url":""},"comments_num_v2":"0 comentarios","_links":{"self":[{"href":"https:\/\/ajupe.com.uy\/web\/wp-json\/wp\/v2\/product\/7329","targetHints":{"allow":["GET"]}}],"collection":[{"href":"https:\/\/ajupe.com.uy\/web\/wp-json\/wp\/v2\/product"}],"about":[{"href":"https:\/\/ajupe.com.uy\/web\/wp-json\/wp\/v2\/types\/product"}],"wp:featuredmedia":[{"embeddable":true,"href":"https:\/\/ajupe.com.uy\/web\/wp-json\/wp\/v2\/media\/7330"}],"wp:attachment":[{"href":"https:\/\/ajupe.com.uy\/web\/wp-json\/wp\/v2\/media?parent=7329"}],"wp:term":[{"taxonomy":"product_brand","embeddable":true,"href":"https:\/\/ajupe.com.uy\/web\/wp-json\/wp\/v2\/product_brand?post=7329"},{"taxonomy":"product_cat","embeddable":true,"href":"https:\/\/ajupe.com.uy\/web\/wp-json\/wp\/v2\/product_cat?post=7329"},{"taxonomy":"product_tag","embeddable":true,"href":"https:\/\/ajupe.com.uy\/web\/wp-json\/wp\/v2\/product_tag?post=7329"}],"curies":[{"name":"wp","href":"https:\/\/api.w.org\/{rel}","templated":true}]}}