{"id":7416,"date":"2015-07-03T19:02:55","date_gmt":"2015-07-03T22:02:55","guid":{"rendered":"http:\/\/ajupe.com.uy\/web\/?post_type=product&#038;p=7416"},"modified":"2015-07-03T19:06:34","modified_gmt":"2015-07-03T22:06:34","slug":"la-terrible-presion-de-la-nada","status":"publish","type":"product","link":"https:\/\/ajupe.com.uy\/web\/biblioteca\/la-terrible-presion-de-la-nada\/","title":{"rendered":"La terrible presi\u00f3n de la nada"},"content":{"rendered":"<p>Con esta miscel\u00e1nea de historias an\u00f3nimas, el autor nos presenta un acervo de cuentos que diseccionan la anatom\u00eda de sentires y azares. Venturas y aflicciones, p\u00e9rdidas y miedos, nostalgias y soledades, incertidumbres y deseos. Tramas de nuestra cotidianeidad que no pasan ajenas a estas cautivadoras p\u00e1ginas de acento on\u00edrico.<br \/>\nEn el recorrido cuento a cuento, el lector tendr\u00e1 oportunidad de encontrar paisajes transitados a trav\u00e9s de individuos desnudados. El arte de los desenlaces podr\u00eda dejarlo con la palpitante sensaci\u00f3n de asomarse a \u201cLa terrible presi\u00f3n de la nada\u201d.<br \/>\nUna vez m\u00e1s, Jaime Clara nos sorprende con el alcance de una intelectualidad, desprendi\u00e9ndose de su faceta period\u00edstica para ofrecernos una nueva versi\u00f3n de s\u00ed mismo en forma de relatos, tan singulares como sugerentes.<\/p>\n","protected":false},"excerpt":{"rendered":"<p>Con esta miscel\u00e1nea de historias an\u00f3nimas, el autor nos presenta un acervo de cuentos que diseccionan la anatom\u00eda de sentires y azares. Venturas y aflicciones, p\u00e9rdidas y miedos, nostalgias y soledades, incertidumbres y deseos. Tramas de nuestra cotidianeidad que no pasan ajenas a estas cautivadoras p\u00e1ginas de acento on\u00edrico. En el recorrido cuento a cuento, [&hellip;]<\/p>\n","protected":false},"featured_media":7417,"template":"","meta":[],"product_brand":[1374],"product_cat":[33],"product_tag":[],"class_list":["post-7416","product","type-product","status-publish","has-post-thumbnail","product_brand-jaime-clara","product_cat-cuentos","first","instock","purchasable","product-type-simple"],"featured_image_urls_v2":{"full":["https:\/\/ajupe.com.uy\/web\/wp-content\/uploads\/2016\/04\/p-7416-La_terrible_pres_5596dd3a363fb.jpg",196,329,false],"thumbnail":["https:\/\/ajupe.com.uy\/web\/wp-content\/uploads\/2016\/04\/p-7416-La_terrible_pres_5596dd3a363fb.jpg",150,150,true],"medium":["https:\/\/ajupe.com.uy\/web\/wp-content\/uploads\/2016\/04\/p-7416-La_terrible_pres_5596dd3a363fb.jpg",300,214,true],"medium_large":["https:\/\/ajupe.com.uy\/web\/wp-content\/uploads\/2016\/04\/p-7416-La_terrible_pres_5596dd3a363fb.jpg",196,329,false],"large":["https:\/\/ajupe.com.uy\/web\/wp-content\/uploads\/2016\/04\/p-7416-La_terrible_pres_5596dd3a363fb.jpg",196,329,false],"1536x1536":["https:\/\/ajupe.com.uy\/web\/wp-content\/uploads\/2016\/04\/p-7416-La_terrible_pres_5596dd3a363fb.jpg",196,329,false],"2048x2048":["https:\/\/ajupe.com.uy\/web\/wp-content\/uploads\/2016\/04\/p-7416-La_terrible_pres_5596dd3a363fb.jpg",196,329,false],"woocommerce_archive_thumbnail":["https:\/\/ajupe.com.uy\/web\/wp-content\/uploads\/2016\/04\/p-7416-La_terrible_pres_5596dd3a363fb-196x300.jpg",196,300,true],"woocommerce_thumbnail":["https:\/\/ajupe.com.uy\/web\/wp-content\/uploads\/2016\/04\/p-7416-La_terrible_pres_5596dd3a363fb-196x300.jpg",196,300,true],"woocommerce_single":["https:\/\/ajupe.com.uy\/web\/wp-content\/uploads\/2016\/04\/p-7416-La_terrible_pres_5596dd3a363fb.jpg",196,329,false],"woocommerce_gallery_thumbnail":["https:\/\/ajupe.com.uy\/web\/wp-content\/uploads\/2016\/04\/p-7416-La_terrible_pres_5596dd3a363fb-100x100.jpg",100,100,true]},"post_excerpt_stackable_v2":"<p>Con esta miscel\u00e1nea de historias an\u00f3nimas, el autor nos presenta un acervo de cuentos que diseccionan la anatom\u00eda de sentires y azares. Venturas y aflicciones, p\u00e9rdidas y miedos, nostalgias y soledades, incertidumbres y deseos. Tramas de nuestra cotidianeidad que no pasan ajenas a estas cautivadoras p\u00e1ginas de acento on\u00edrico. En el recorrido cuento a cuento, el lector tendr\u00e1 oportunidad de encontrar paisajes transitados a trav\u00e9s de individuos desnudados. El arte de los desenlaces podr\u00eda dejarlo con la palpitante sensaci\u00f3n de asomarse a \u201cLa terrible presi\u00f3n de la nada\u201d. Una vez m\u00e1s, Jaime Clara nos sorprende con el alcance de una&hellip;<\/p>\n","category_list_v2":"","author_info_v2":{"name":"","url":""},"comments_num_v2":"0 comentarios","_links":{"self":[{"href":"https:\/\/ajupe.com.uy\/web\/wp-json\/wp\/v2\/product\/7416","targetHints":{"allow":["GET"]}}],"collection":[{"href":"https:\/\/ajupe.com.uy\/web\/wp-json\/wp\/v2\/product"}],"about":[{"href":"https:\/\/ajupe.com.uy\/web\/wp-json\/wp\/v2\/types\/product"}],"wp:featuredmedia":[{"embeddable":true,"href":"https:\/\/ajupe.com.uy\/web\/wp-json\/wp\/v2\/media\/7417"}],"wp:attachment":[{"href":"https:\/\/ajupe.com.uy\/web\/wp-json\/wp\/v2\/media?parent=7416"}],"wp:term":[{"taxonomy":"product_brand","embeddable":true,"href":"https:\/\/ajupe.com.uy\/web\/wp-json\/wp\/v2\/product_brand?post=7416"},{"taxonomy":"product_cat","embeddable":true,"href":"https:\/\/ajupe.com.uy\/web\/wp-json\/wp\/v2\/product_cat?post=7416"},{"taxonomy":"product_tag","embeddable":true,"href":"https:\/\/ajupe.com.uy\/web\/wp-json\/wp\/v2\/product_tag?post=7416"}],"curies":[{"name":"wp","href":"https:\/\/api.w.org\/{rel}","templated":true}]}}