{"id":8421,"date":"2016-07-04T17:26:55","date_gmt":"2016-07-04T20:26:55","guid":{"rendered":"http:\/\/ajupe.com.uy\/web\/producto\/la-nina-que-miraba-los-trenes-partir\/"},"modified":"2016-07-04T17:38:08","modified_gmt":"2016-07-04T20:38:08","slug":"la-nina-que-miraba-los-trenes-partir","status":"publish","type":"product","link":"https:\/\/ajupe.com.uy\/web\/biblioteca\/la-nina-que-miraba-los-trenes-partir\/","title":{"rendered":"La ni\u00f1a que miraba los trenes partir"},"content":{"rendered":"<p>A\u00f1os cuarenta del siglo xx, en un mundo azotado por los conflictos<br \/>\nb\u00e9licos. Charlotte, una ni\u00f1a belga de ocho a\u00f1os, desaparece de la Lieja<br \/>\nocupada por los nazis, dejando atr\u00e1s su casa y su infancia feliz. Junto<br \/>\ncon la familia huye de los perseguidores, viviendo incre\u00edbles peripecias<br \/>\ny ocult\u00e1ndose en m\u00edseros escondites de pueblos y ciudades. Alter, su<br \/>\nt\u00edo, obligado a desempe\u00f1ar funciones en uno de los guetos donde Hitler<br \/>\nordena confinar a los jud\u00edos #incluidos los padres del muchacho#, debe<br \/>\nafrontar una extrema disyuntiva \u00e9tica. Dimitri Amilakvari, militar<br \/>\nfranc\u00e9s de origen georgiano, desembarca en el norte de \u00c1frica al frente<br \/>\nde la m\u00edtica Legi\u00f3n Extranjera, para enfrentar al mariscal alem\u00e1n Rommel<br \/>\ny su temido Afrika Korps. Domingo L\u00f3pez Delgado, un soldado uruguayo, se<br \/>\nenrola como voluntario en las fuerzas de la Francia Libre y es destinado<br \/>\na la Legi\u00f3n Extranjera en Bir Hakeim, \u00c1frica del Norte, donde ser\u00e1<br \/>\ntestigo de la grandeza humana de su superior, Amilakvari, y ambos<br \/>\nparticipar\u00e1n en un combate legendario. Cuatro historias de vida que se<br \/>\nentrelazan para transportarnos en el tiempo. La estremecedora novela de<br \/>\nRuperto Long surge de una investigaci\u00f3n profunda sobre una \u00e9poca en la<br \/>\nque confluyeron xenofobias, persecuciones, guerras y migraciones. Sin<br \/>\nembargo, m\u00e1s all\u00e1 de esos hechos siniestros que la humanidad arrastra<br \/>\nhasta nuestros d\u00edas, el narrador rescata de la realidad historias de<br \/>\namor #entre padres e hijos, entre hermanos, entre amantes, entre<br \/>\namigos#, impregnadas de una empecinada defensa de la vida, de la<br \/>\nlibertad, del pr\u00f3jimo, de la tierra natal: m\u00faltiples relatos<br \/>\nde afectos que triunfan y perduran m\u00e1s all\u00e1 de la barbarie.<\/p>\n","protected":false},"excerpt":{"rendered":"<p>A\u00f1os cuarenta del siglo xx, en un mundo azotado por los conflictos b\u00e9licos. Charlotte, una ni\u00f1a belga de ocho a\u00f1os, desaparece de la Lieja ocupada por los nazis, dejando atr\u00e1s su casa y su infancia feliz. Junto con la familia huye de los perseguidores, viviendo incre\u00edbles peripecias y ocult\u00e1ndose en m\u00edseros escondites de pueblos y [&hellip;]<\/p>\n","protected":false},"featured_media":8296,"template":"","meta":[],"product_brand":[],"product_cat":[29],"product_tag":[],"class_list":["post-8421","product","type-product","status-publish","has-post-thumbnail","product_cat-novela","first","instock","purchasable","product-type-simple"],"featured_image_urls_v2":{"full":["https:\/\/ajupe.com.uy\/web\/wp-content\/uploads\/2016\/06\/8970.jpg",221,338,false],"thumbnail":["https:\/\/ajupe.com.uy\/web\/wp-content\/uploads\/2016\/06\/8970-150x150.jpg",150,150,true],"medium":["https:\/\/ajupe.com.uy\/web\/wp-content\/uploads\/2016\/06\/8970-196x300.jpg",196,300,true],"medium_large":["https:\/\/ajupe.com.uy\/web\/wp-content\/uploads\/2016\/06\/8970.jpg",221,338,false],"large":["https:\/\/ajupe.com.uy\/web\/wp-content\/uploads\/2016\/06\/8970.jpg",221,338,false],"1536x1536":["https:\/\/ajupe.com.uy\/web\/wp-content\/uploads\/2016\/06\/8970.jpg",221,338,false],"2048x2048":["https:\/\/ajupe.com.uy\/web\/wp-content\/uploads\/2016\/06\/8970.jpg",221,338,false],"woocommerce_archive_thumbnail":["https:\/\/ajupe.com.uy\/web\/wp-content\/uploads\/2016\/06\/8970-221x300.jpg",221,300,true],"woocommerce_thumbnail":["https:\/\/ajupe.com.uy\/web\/wp-content\/uploads\/2016\/06\/8970-221x300.jpg",221,300,true],"woocommerce_single":["https:\/\/ajupe.com.uy\/web\/wp-content\/uploads\/2016\/06\/8970.jpg",221,338,false],"woocommerce_gallery_thumbnail":["https:\/\/ajupe.com.uy\/web\/wp-content\/uploads\/2016\/06\/8970-100x100.jpg",100,100,true]},"post_excerpt_stackable_v2":"<p>A\u00f1os cuarenta del siglo xx, en un mundo azotado por los conflictos b\u00e9licos. Charlotte, una ni\u00f1a belga de ocho a\u00f1os, desaparece de la Lieja ocupada por los nazis, dejando atr\u00e1s su casa y su infancia feliz. Junto con la familia huye de los perseguidores, viviendo incre\u00edbles peripecias y ocult\u00e1ndose en m\u00edseros escondites de pueblos y ciudades. Alter, su t\u00edo, obligado a desempe\u00f1ar funciones en uno de los guetos donde Hitler ordena confinar a los jud\u00edos #incluidos los padres del muchacho#, debe afrontar una extrema disyuntiva \u00e9tica. Dimitri Amilakvari, militar franc\u00e9s de origen georgiano, desembarca en el norte de \u00c1frica al&hellip;<\/p>\n","category_list_v2":"","author_info_v2":{"name":"","url":""},"comments_num_v2":"0 comentarios","_links":{"self":[{"href":"https:\/\/ajupe.com.uy\/web\/wp-json\/wp\/v2\/product\/8421","targetHints":{"allow":["GET"]}}],"collection":[{"href":"https:\/\/ajupe.com.uy\/web\/wp-json\/wp\/v2\/product"}],"about":[{"href":"https:\/\/ajupe.com.uy\/web\/wp-json\/wp\/v2\/types\/product"}],"wp:featuredmedia":[{"embeddable":true,"href":"https:\/\/ajupe.com.uy\/web\/wp-json\/wp\/v2\/media\/8296"}],"wp:attachment":[{"href":"https:\/\/ajupe.com.uy\/web\/wp-json\/wp\/v2\/media?parent=8421"}],"wp:term":[{"taxonomy":"product_brand","embeddable":true,"href":"https:\/\/ajupe.com.uy\/web\/wp-json\/wp\/v2\/product_brand?post=8421"},{"taxonomy":"product_cat","embeddable":true,"href":"https:\/\/ajupe.com.uy\/web\/wp-json\/wp\/v2\/product_cat?post=8421"},{"taxonomy":"product_tag","embeddable":true,"href":"https:\/\/ajupe.com.uy\/web\/wp-json\/wp\/v2\/product_tag?post=8421"}],"curies":[{"name":"wp","href":"https:\/\/api.w.org\/{rel}","templated":true}]}}